{"id":1871,"date":"2024-07-31T09:23:48","date_gmt":"2024-07-31T09:23:48","guid":{"rendered":"http:\/\/localhost\/fr\/?page_id=1871"},"modified":"2025-12-12T06:41:47","modified_gmt":"2025-12-12T06:41:47","slug":"mentions-legales-conditions-generales-protection-des-donnees","status":"publish","type":"page","link":"https:\/\/adhesionxtreme.com\/fr\/mentions-legales-conditions-generales-protection-des-donnees\/","title":{"rendered":"Mentions l\u00e9gales\/Conditions g\u00e9n\u00e9rales\/Protection des donn\u00e9es"},"content":{"rendered":"\t\t<div data-elementor-type=\"wp-page\" data-elementor-id=\"1871\" class=\"elementor elementor-1871\" data-elementor-post-type=\"page\">\n\t\t\t\t\t\t<section class=\"elementor-section elementor-top-section elementor-element elementor-element-9b2d612 elementor-section-boxed elementor-section-height-default elementor-section-height-default\" data-id=\"9b2d612\" data-element_type=\"section\" data-e-type=\"section\" data-settings=\"{&quot;background_background&quot;:&quot;classic&quot;}\">\n\t\t\t\t\t\t<div class=\"elementor-container elementor-column-gap-default\">\n\t\t\t\t\t<div class=\"elementor-column elementor-col-100 elementor-top-column elementor-element elementor-element-f6b4c2e\" data-id=\"f6b4c2e\" data-element_type=\"column\" data-e-type=\"column\">\n\t\t\t<div class=\"elementor-widget-wrap elementor-element-populated\">\n\t\t\t\t\t\t<div class=\"elementor-element elementor-element-b488e1b elementor-widget elementor-widget-heading\" data-id=\"b488e1b\" data-element_type=\"widget\" data-e-type=\"widget\" data-widget_type=\"heading.default\">\n\t\t\t\t<div class=\"elementor-widget-container\">\n\t\t\t\t\t<h2 class=\"elementor-heading-title elementor-size-default\">Imprimer<\/h2>\t\t\t\t<\/div>\n\t\t\t\t<\/div>\n\t\t\t\t\t<\/div>\n\t\t<\/div>\n\t\t\t\t\t<\/div>\n\t\t<\/section>\n\t\t\t\t<section class=\"elementor-section elementor-top-section elementor-element elementor-element-f0b7829 elementor-section-boxed elementor-section-height-default elementor-section-height-default\" data-id=\"f0b7829\" data-element_type=\"section\" data-e-type=\"section\" data-settings=\"{&quot;background_background&quot;:&quot;classic&quot;}\">\n\t\t\t\t\t\t<div class=\"elementor-container elementor-column-gap-default\">\n\t\t\t\t\t<div class=\"elementor-column elementor-col-100 elementor-top-column elementor-element elementor-element-7d4fae6\" data-id=\"7d4fae6\" data-element_type=\"column\" data-e-type=\"column\">\n\t\t\t<div class=\"elementor-widget-wrap elementor-element-populated\">\n\t\t\t\t\t\t<div class=\"elementor-element elementor-element-2fd9694 elementor-widget elementor-widget-text-editor\" data-id=\"2fd9694\" data-element_type=\"widget\" data-e-type=\"widget\" data-widget_type=\"text-editor.default\">\n\t\t\t\t<div class=\"elementor-widget-container\">\n\t\t\t\t\t\t\t\t\t<p><strong><span style=\"vertical-align: inherit;\">Ces informations sont fournies conform\u00e9ment aux r\u00e9glementations de l\u2019UE\u00a0:<\/span><\/strong><\/p><p><strong><span style=\"vertical-align: inherit;\"><span class=\"\" style=\"vertical-align: inherit;\">Nom de la soci\u00e9t\u00e9 :<\/span><\/span><\/strong><span style=\"vertical-align: inherit;\"><span class=\"\" style=\"vertical-align: inherit;\"> AdhesionXtreme\u00ae SARL, 5 avenue du G\u00e9n\u00e9ral de Gaulle, 60300 Senlis, France <\/span><\/span><br \/><strong><span style=\"vertical-align: inherit;\"><span class=\"\" style=\"vertical-align: inherit;\">T\u00e9l.<\/span><\/span><\/strong><span style=\"vertical-align: inherit;\"><span class=\"\" style=\"vertical-align: inherit;\"> +33 344 62 1702 <\/span><\/span><br \/><strong><span style=\"vertical-align: inherit;\"><span class=\"\" style=\"vertical-align: inherit;\">E-mail :<\/span><\/span><\/strong><span style=\"vertical-align: inherit;\"><span class=\"\" style=\"vertical-align: inherit;\"> info@fr.websitedesignagency.online<\/span><\/span><\/p><p><span style=\"vertical-align: inherit;\">Registre du Commerce Tribunal de Commerce, 60200 Compi\u00e8gne<\/span><\/p><p><span style=\"vertical-align: inherit;\">N\u00b0 d&#8217;immatriculation de la soci\u00e9t\u00e9 498 233 196<\/span><\/p><p><strong><span style=\"vertical-align: inherit;\">N\u00b0 TVA intracommunautaire<\/span><\/strong><span style=\"vertical-align: inherit;\"> FR22498233196 <\/span><br \/><strong><span style=\"vertical-align: inherit;\">Pr\u00e9sidente :<\/span><\/strong><span style=\"vertical-align: inherit;\"> Sharon Lee Sing\u00e9ry<\/span><\/p>\t\t\t\t\t\t\t\t<\/div>\n\t\t\t\t<\/div>\n\t\t\t\t\t<\/div>\n\t\t<\/div>\n\t\t\t\t\t<\/div>\n\t\t<\/section>\n\t\t\t\t<section class=\"elementor-section elementor-top-section elementor-element elementor-element-062824f elementor-section-boxed elementor-section-height-default elementor-section-height-default\" data-id=\"062824f\" data-element_type=\"section\" data-e-type=\"section\" data-settings=\"{&quot;background_background&quot;:&quot;classic&quot;}\">\n\t\t\t\t\t\t<div class=\"elementor-container elementor-column-gap-default\">\n\t\t\t\t\t<div class=\"elementor-column elementor-col-100 elementor-top-column elementor-element elementor-element-e3d2ab6\" data-id=\"e3d2ab6\" data-element_type=\"column\" data-e-type=\"column\">\n\t\t\t<div class=\"elementor-widget-wrap elementor-element-populated\">\n\t\t\t\t\t\t<div class=\"elementor-element elementor-element-2da1e99 elementor-widget elementor-widget-heading\" data-id=\"2da1e99\" data-element_type=\"widget\" data-e-type=\"widget\" data-widget_type=\"heading.default\">\n\t\t\t\t<div class=\"elementor-widget-container\">\n\t\t\t\t\t<h2 class=\"elementor-heading-title elementor-size-default\">Clause de non-responsabilit\u00e9:<\/h2>\t\t\t\t<\/div>\n\t\t\t\t<\/div>\n\t\t\t\t\t<\/div>\n\t\t<\/div>\n\t\t\t\t\t<\/div>\n\t\t<\/section>\n\t\t\t\t<section class=\"elementor-section elementor-top-section elementor-element elementor-element-00b9d91 elementor-section-boxed elementor-section-height-default elementor-section-height-default\" data-id=\"00b9d91\" data-element_type=\"section\" data-e-type=\"section\" data-settings=\"{&quot;background_background&quot;:&quot;classic&quot;}\">\n\t\t\t\t\t\t<div class=\"elementor-container elementor-column-gap-default\">\n\t\t\t\t\t<div class=\"elementor-column elementor-col-100 elementor-top-column elementor-element elementor-element-34d6492\" data-id=\"34d6492\" data-element_type=\"column\" data-e-type=\"column\">\n\t\t\t<div class=\"elementor-widget-wrap elementor-element-populated\">\n\t\t\t\t\t\t<div class=\"elementor-element elementor-element-a96db73 elementor-widget elementor-widget-text-editor\" data-id=\"a96db73\" data-element_type=\"widget\" data-e-type=\"widget\" data-widget_type=\"text-editor.default\">\n\t\t\t\t<div class=\"elementor-widget-container\">\n\t\t\t\t\t\t\t\t\t<p><strong><span style=\"vertical-align: inherit;\"><span class=\"\" style=\"vertical-align: inherit;\">Responsabilit\u00e9 relative au contenu<\/span><\/span><\/strong><span style=\"vertical-align: inherit;\"><span class=\"\" style=\"vertical-align: inherit;\"> Le contenu de nos pages a \u00e9t\u00e9 cr\u00e9\u00e9 avec le plus grand soin. Nous ne pouvons cependant en aucun cas \u00eatre tenus responsables de l&#8217;exactitude, de l&#8217;exhaustivit\u00e9 et de l&#8217;actualit\u00e9 du contenu. En tant que prestataires de services, nous sommes responsables de notre propre contenu sur ces pages conform\u00e9ment \u00e0 la r\u00e9glementation de l&#8217;UE. Toutefois, les prestataires de services ne sont pas tenus de surveiller les informations fournies ou stock\u00e9es par des tiers ni de rechercher des circonstances indiquant des activit\u00e9s ill\u00e9gales. Les obligations l\u00e9gales de supprimer des informations ou de bloquer leur utilisation restent inchang\u00e9es. Dans ce cas, la responsabilit\u00e9 n\u2019est possible qu\u2019au moment o\u00f9 l\u2019on a connaissance d\u2019une violation concr\u00e8te de la loi. Si nous avons connaissance de telles violations de la loi, nous supprimerons imm\u00e9diatement ce contenu.<\/span><\/span><\/p><p><strong><span style=\"vertical-align: inherit;\">Droit d&#8217;auteur :<\/span><\/strong><span style=\"vertical-align: inherit;\"> Le contenu et les \u0153uvres de ces pages cr\u00e9\u00e9s par les op\u00e9rateurs du site sont soumis aux lois europ\u00e9ennes sur le droit d&#8217;auteur. La duplication, le traitement, la distribution et tout type d&#8217;exploitation en dehors des limites du droit d&#8217;auteur n\u00e9cessitent l&#8217;accord \u00e9crit de l&#8217;auteur ou du cr\u00e9ateur respectif. Les t\u00e9l\u00e9chargements et copies de cette page ne sont autoris\u00e9s que pour un usage priv\u00e9 et non commercial. Dans la mesure o\u00f9 le contenu de ce site n&#8217;a pas \u00e9t\u00e9 cr\u00e9\u00e9 par l&#8217;exploitant, les droits d&#8217;auteur de tiers sont respect\u00e9s. Les contenus de tiers sont notamment marqu\u00e9s comme tels. Si vous constatez n\u00e9anmoins une violation du droit d&#8217;auteur, veuillez nous en informer. Si nous avons connaissance d&#8217;infractions, nous supprimerons imm\u00e9diatement ce contenu.<\/span><\/p>\t\t\t\t\t\t\t\t<\/div>\n\t\t\t\t<\/div>\n\t\t\t\t\t<\/div>\n\t\t<\/div>\n\t\t\t\t\t<\/div>\n\t\t<\/section>\n\t\t\t\t<section class=\"elementor-section elementor-top-section elementor-element elementor-element-33a80ed elementor-section-boxed elementor-section-height-default elementor-section-height-default\" data-id=\"33a80ed\" data-element_type=\"section\" data-e-type=\"section\" data-settings=\"{&quot;background_background&quot;:&quot;classic&quot;}\">\n\t\t\t\t\t\t<div class=\"elementor-container elementor-column-gap-default\">\n\t\t\t\t\t<div class=\"elementor-column elementor-col-100 elementor-top-column elementor-element elementor-element-bbd202f\" data-id=\"bbd202f\" data-element_type=\"column\" data-e-type=\"column\">\n\t\t\t<div class=\"elementor-widget-wrap elementor-element-populated\">\n\t\t\t\t\t\t<div class=\"elementor-element elementor-element-22687d5 elementor-widget elementor-widget-heading\" data-id=\"22687d5\" data-element_type=\"widget\" data-e-type=\"widget\" data-widget_type=\"heading.default\">\n\t\t\t\t<div class=\"elementor-widget-container\">\n\t\t\t\t\t<h2 class=\"elementor-heading-title elementor-size-default\">CONDITIONS G\u00c9N\u00c9RALES DE VENTE<\/h2>\t\t\t\t<\/div>\n\t\t\t\t<\/div>\n\t\t\t\t\t<\/div>\n\t\t<\/div>\n\t\t\t\t\t<\/div>\n\t\t<\/section>\n\t\t\t\t<section class=\"elementor-section elementor-top-section elementor-element elementor-element-57412d1 elementor-section-boxed elementor-section-height-default elementor-section-height-default\" data-id=\"57412d1\" data-element_type=\"section\" data-e-type=\"section\" data-settings=\"{&quot;background_background&quot;:&quot;classic&quot;}\">\n\t\t\t\t\t\t<div class=\"elementor-container elementor-column-gap-default\">\n\t\t\t\t\t<div class=\"elementor-column elementor-col-100 elementor-top-column elementor-element elementor-element-132cf77\" data-id=\"132cf77\" data-element_type=\"column\" data-e-type=\"column\">\n\t\t\t<div class=\"elementor-widget-wrap elementor-element-populated\">\n\t\t\t\t\t\t<div class=\"elementor-element elementor-element-41a0020 elementor-widget elementor-widget-text-editor\" data-id=\"41a0020\" data-element_type=\"widget\" data-e-type=\"widget\" data-widget_type=\"text-editor.default\">\n\t\t\t\t<div class=\"elementor-widget-container\">\n\t\t\t\t\t\t\t\t\t<p><strong><span style=\"vertical-align: inherit;\">D\u00c9FINITIONS<\/span><\/strong><\/p><p><span style=\"vertical-align: inherit;\"><span class=\"\" style=\"vertical-align: inherit;\">Les termes d\u00e9finis ci-dessous s\u2019appliquent aux pr\u00e9sentes \u00ab CONDITIONS G\u00c9N\u00c9RALES DE VENTE STANDARD \u00bb\u00a0;<\/span><\/span><\/p><p><span style=\"vertical-align: inherit;\"><span class=\"\" style=\"vertical-align: inherit;\">\u00ab AdhesionXtreme\u00ae SARL \u00bb ayant son si\u00e8ge social au 5 avenue du G\u00e9n\u00e9ral de Gaulle, 60300 Senlis, France immatricul\u00e9e \u00e0 Compi\u00e8gne, num\u00e9ro d&#8217;entreprise 498 233 196, num\u00e9ro de TVA FR22498233196 ;<\/span><\/span><\/p><p><span style=\"vertical-align: inherit;\">\u00ab Client \u00bb : toute entreprise en contact avec AdhesionXtreme\u00ae SARL au titre de la fourniture de Produit(s) ;<\/span><\/p><p><span style=\"vertical-align: inherit;\">\u00ab Produit(s) \u00bb : tout Produit fourni par AdhesionXtreme\u00ae SARL ;<\/span><\/p><p><span style=\"vertical-align: inherit;\">\u00ab\u00a0Parties\u00a0\u00bb\u00a0: le Client et AdhesionXtreme\u00ae SARL\u00a0;<\/span><\/p><p><strong><span style=\"vertical-align: inherit;\">1. ACCEPTATION, APPLICATION ET APPLICABLE<\/span><\/strong><\/p><p><span style=\"vertical-align: inherit;\">L&#8217;\u00e9tablissement de relations contractuelles avec AdhesionXtreme\u00ae SARL entra\u00eene l&#8217;acceptation sans r\u00e9serve des pr\u00e9sentes CONDITIONS G\u00c9N\u00c9RALES DE VENTE. La relation entre AdhesionXtreme\u00ae SARL et le Client est exclusivement r\u00e9gie par les pr\u00e9sentes CONDITIONS GENERALES DE VENTE, qui pr\u00e9vaudront sur toutes autres conditions, \u00e0 l&#8217;exception de celles express\u00e9ment accept\u00e9es par \u00e9crit par AdhesionXtreme\u00ae SARL.<\/span><\/p><p><strong><span style=\"vertical-align: inherit;\">2. COMMANDES<\/span><\/strong><\/p><p><span style=\"vertical-align: inherit;\">Le montant minimum de commande est d\u00e9fini dans la ou les derni\u00e8res grilles tarifaires publi\u00e9es par AdhesionXtreme\u00ae SARL sans exception. Les commandes doivent \u00eatre pass\u00e9es par \u00e9crit \u00e0 AdhesionXtreme\u00ae SARL avec un num\u00e9ro de bon de commande attribu\u00e9 fourni par le client. Les commandes ne peuvent \u00eatre modifi\u00e9es ou annul\u00e9es qu&#8217;avec l&#8217;accord \u00e9crit expr\u00e8s d&#8217;AdhesionXtreme\u00ae SARL et le Client supportera tous les frais et charges en r\u00e9sultant. AdhesionXtreme\u00ae SARL se r\u00e9serve le droit de modifier \u00e0 tout moment les produits d\u00e9finis dans ses fiches techniques. AdhesionXtreme\u00ae SARL ne pourra \u00eatre tenue responsable de l&#8217;ex\u00e9cution des commandes re\u00e7ues non conformes aux conditions susvis\u00e9es.<\/span><\/p><p><strong><span style=\"vertical-align: inherit;\">3. LIVRAISON ET EXP\u00c9DITION<\/span><\/strong><\/p><p><span style=\"vertical-align: inherit;\">3.1 \u2013 Les modalit\u00e9s de livraison ou d&#8217;exp\u00e9dition (INCOTERMS) sont d\u00e9finies selon les termes de la confirmation de commande communiqu\u00e9e au Client.<\/span><\/p><p><span style=\"vertical-align: inherit;\">3.2 \u2010 AdhesionXtreme\u00ae SARL sera en droit, de plein droit et sans aucune formalit\u00e9, de suspendre toute exp\u00e9dition si le Client n&#8217;a pas ex\u00e9cut\u00e9 l&#8217;une de ses obligations.<\/span><\/p><p><span style=\"vertical-align: inherit;\">3.3 \u2013 La livraison d\u00e9pendant des conditions d&#8217;approvisionnement et de transport, les d\u00e9lais de livraison ne sont mentionn\u00e9s qu&#8217;\u00e0 titre indicatif et n&#8217;ont donc aucune valeur contractuelle. Le Client ne peut diff\u00e9rer une date d&#8217;exp\u00e9dition au-del\u00e0 de 30 jours, sauf accord \u00e9crit pr\u00e9alable et expr\u00e8s d&#8217;AdhesionXtreme\u00ae SARL, auquel cas les frais occasionn\u00e9s par ce report lui seront factur\u00e9s.<\/span><\/p><p><span style=\"vertical-align: inherit;\">3.4 \u2013 Le retard de livraison d&#8217;une commande ne peut donner lieu \u00e0 des dommages et int\u00e9r\u00eats, \u00e0 des retenues ou \u00e0 l&#8217;annulation des commandes en cours.<\/span><\/p><p><strong><span style=\"vertical-align: inherit;\">5. ACCEPTATION<\/span><\/strong><\/p><p><span style=\"vertical-align: inherit;\">Les r\u00e9clamations concernant des d\u00e9fauts visibles ou la non-conformit\u00e9 des Produits livr\u00e9s doivent \u00eatre formul\u00e9es par \u00e9crit dans un d\u00e9lai de 15 jours \u00e0 compter de la r\u00e9ception des Produits. A d\u00e9faut de r\u00e9clamation dans ce d\u00e9lai, le Client sera r\u00e9put\u00e9 avoir accept\u00e9 la<\/span><\/p><p>Products delivered without any reservations and to have waived any right to submit a complaint. The Client shall be responsible for submitting any proof concerning the existence of the defects or abnormalities discovered. The Client shall enable AdhesionXtreme\u00ae SARL to remedy these defects and shall refrain from intervening or from having a third party intervene for this purpose, unless expressly approved in writing by AdhesionXtreme\u00ae SARL.<\/p><p><strong>6. RETURN<\/strong><\/p><p>Any Product return must be expressly accepted in writing by AdhesionXtreme\u00ae SARL.<\/p><p>In the event that the Products have visible defects or are nonconforming and if this situation has led to the lodging of a complaint in the conditions set out in Article 5, AdhesionXtreme\u00ae SARL shall be entitled to decide to immediately replace the defective products (in no way will this decision entail recognition of the complaint\u2019s justification) and request either the total or partial return of the allegedly defective Products, or the destruction thereof. If the Products are not returned, or if the Client fails to produce a written certification of their destruction, the Products supplied on a replacement basis shall be billed to the Client, who undertakes to pay the price thereof. The Products may only be replaced free of charge or refunded with AdhesionXtreme\u00ae SARL\u2018s consent, after AdhesionXtreme\u00ae SARL has carried out a qualitative &amp; quantitative inspection of the Products.<\/p><p><strong>7. WARRANTY<\/strong><\/p><p>AdhesionXtreme\u00ae SARL agrees to deliver a Product that conforms to the data sheets describing their specification. The warranty, where applicable, shall apply for the period indicated on the data sheet and only if the Product has been stored exclusively in a covered, dry and protected warehouse at temperatures between +5\u00b0C and +30\u00b0C and has been installed within 24 months after purchase from AdhesionXtreme\u00ae SARL. The Client\u2019s acceptance of the specifications shall entail its waiver of any right to lodge a complaint concerning the supply of Products having characteristics that are identical or equivalent to the specifications. Under the warranty, AdhesionXtreme\u00ae SARL\u2019s sole obligation shall be to replace the defective Product free of charge.<\/p><p><strong>8. WARRANTY EXCLUSIONS<\/strong><\/p><p>As the warranty covering the Products is limited to the Products\u2019 conformity to the specifications, it shall not apply in the event of a reaction by the Products to the materials with which they are associated by the Client, or if the Products are used in a manner that does not conform to the information provided by AdhesionXtreme\u00ae SARL. The Product Warranty does not guarantee that the Products are suitable for the Client\u2019s intended use thereof. The warranty does not apply to visible defects claimed by the Client in the conditions set out in Article 5. Similarly, the warranty does not cover aesthetic defects not affecting the Products intended function.<\/p><p><strong>9. LIABILITY<\/strong><\/p><p>AdhesionXtreme\u00ae SARL\u2019s liability is strictly limited and defined as specified heretofore in Articles 6 &amp;7. The amount of the compensation due by AdhesionXtreme\u00ae SARL for its liability, concerning both the Client and third parties, is limited to the amount of the price received from the sale of the defective Products.<\/p><p><strong>10. PRICE<\/strong><\/p><p>The price indicated by AdhesionXtreme\u00ae SARL is the price listed in its latest published Price List(s). These prices are understood to exclude all taxes, fees and charges. All taxes, fees or other amounts payable pursuant to French regulations or in accordance with the regulations of any importer country or country of transit shall be borne by the Client. The price may be revised in the event of a significant increase in the cost to produce the Product (notably, in response to an increase in raw materials prices and transport costs) on 90 days written notice provided by AdhesionXtreme\u00ae SARL to the Client.<\/p><p><strong>11. PAYMENT<\/strong><\/p><p>Payment terms and time limits are defined by AdhesionXtreme\u00ae SARL on each invoice pertaining to a specific customer and a specific customer order. Invoices are payable for the amount as defined by the invoice by bank wire transfer to AdhesionXtreme\u00ae SARL\u2019s bank or its representative\u2019s bank as specified on the invoice. Payment is in euro currency unless otherwise agreed with the Client.<\/p><p>In the event of a payment delay AdhesionXtreme\u00ae SARL shall be entitled to suspend orders in progress, without prejudice to any other type of action. The Client shall be liable for interest calculated on all of the amounts past due, at the interest rate charged by the European Central Bank on its most recent refinancing transactions. Interest shall begin to accrue as of the day following the due date indicated on the invoice and shall continue to accrue until all of the amounts due to the creditor have been paid in full. The Client must reimburse all of the expenses incurred by the contentious collection of the amounts due, including the fees of court and state offices, as well as attorneys\u2019 fees and expenses. AdhesionXtreme\u00ae SARL shall be automatically entitled, by simple notification, to terminate the sale and to cancel any order in progress and to request, if necessary on an urgent basis, the restitution of the Products delivered, without prejudice to any other damages. In this case, any amounts due to AdhesionXtreme\u00ae SARL shall become immediately payable, regardless of their payment due date. Under no circumstances may payments be suspended or be set off against other amounts unless AdhesionXtreme\u00ae SARL has approved this in writing and beforehand.<\/p><p><strong>12. RESERVATION OF TITLE<\/strong><\/p><p>The Products shall remain AdhesionXtreme\u00ae SARL\u2019s property until the entire price has been paid in full.<\/p><p><strong>13. INDUSTRIAL AND INTELLECTUAL PROPERTY RIGHTS<\/strong><\/p><p><span style=\"vertical-align: inherit;\">Le Client est inform\u00e9 que les Produits font l&#8217;objet de droits de propri\u00e9t\u00e9 industrielle et\/ou intellectuelle (les \u00ab Droits \u00bb). En aucun cas la fourniture des Produits ne peut \u00eatre consid\u00e9r\u00e9e comme constituant une quelconque autorisation d\u2019exploiter les Droits. En aucun cas le Client n&#8217;est autoris\u00e9 \u00e0 utiliser les marques sous lesquelles les Produits AdhesionXtreme\u00ae SARL sont vendus, \u00e0 l&#8217;exception bien entendu des marques appartenant au Client concern\u00e9. Les informations et donn\u00e9es concernant AdhesionXtreme\u00ae SARL et ses Produits dont le Client a eu connaissance sont confidentielles. Cette obligation de confidentialit\u00e9 restera en vigueur pendant une dur\u00e9e de 5 ans \u00e0 compter de la date de la derni\u00e8re facture AdhesionXtreme\u00ae SARL \u00e9mise au Client.<\/span><\/p><p><strong><span style=\"vertical-align: inherit;\">14. CONCEPTIONS, LOGOS ET MAT\u00c9RIEL PROT\u00c9G\u00c9 PAR LE COPYRIGHT<\/span><\/strong><\/p><p><span style=\"vertical-align: inherit;\">Les designs, documents techniques, noms et logos d&#8217;AdhesionXtreme\u00ae SARL et tout mat\u00e9riel graphique appartenant \u00e0 AdhesionXtreme\u00ae SARL restent la propri\u00e9t\u00e9 d&#8217;AdhesionXtreme\u00ae SARL et doivent \u00eatre restitu\u00e9s \u00e0 AdhesionXtreme\u00ae SARL sur demande et ne peuvent \u00eatre utilis\u00e9s, reproduits ou donn\u00e9s \u00e0 des tiers. sans autorisation \u00e9crite pr\u00e9alable d\u2019AdhesionXtreme\u00ae SARL.<\/span><\/p><p><strong><span style=\"vertical-align: inherit;\">15. DIVERS<\/span><\/strong><\/p><p><span style=\"vertical-align: inherit;\">Chacune des stipulations de ce document sera interpr\u00e9t\u00e9e de mani\u00e8re \u00e0 lui donner effet et validit\u00e9 concernant la loi applicable. Si une stipulation est d\u00e9clar\u00e9e nulle ou inapplicable par un tribunal comp\u00e9tent dans des circonstances particuli\u00e8res, ladite stipulation restera en vigueur dans toutes les autres circonstances. Seul le texte en langue anglaise des pr\u00e9sentes CONDITIONS G\u00c9N\u00c9RALES DE VENTE fait foi.<\/span><\/p><p><strong><span style=\"vertical-align: inherit;\">16. LOI APPLICABLE<\/span><\/strong><\/p><p><span style=\"vertical-align: inherit;\">Les pr\u00e9sentes CONDITIONS GENERALES DE VENTE sont r\u00e9gies par la loi fran\u00e7aise.<\/span><\/p><p><strong><span style=\"vertical-align: inherit;\">17. ATTRIBUTION DE JURIDICTION<\/span><\/strong><\/p><p><span style=\"vertical-align: inherit;\">En cas de litige ou de divergence d&#8217;opinion concernant les Produits ou les pr\u00e9sentes CONDITIONS G\u00c9N\u00c9RALES DE VENTE, le Tribunal de Compi\u00e8gne, France, ou tout autre tribunal comp\u00e9tent \u00e0 la discr\u00e9tion d&#8217;AdhesionXtreme\u00ae SARL, sera seul comp\u00e9tent. Cette attribution de comp\u00e9tence s&#8217;applique m\u00eame en cas de proc\u00e9dure d&#8217;urgence, de tierce opposition, de demande compl\u00e9mentaire ou de pluralit\u00e9 de d\u00e9fendeurs, quelles que soient les modalit\u00e9s de paiement.<\/span><\/p><p><span style=\"vertical-align: inherit;\">Adh\u00e9sionXtreme\u00ae SARL<\/span><\/p><p><span style=\"vertical-align: inherit;\">Senlis, France<\/span><\/p><p><span style=\"vertical-align: inherit;\">21 mars 2016<\/span><\/p>\t\t\t\t\t\t\t\t<\/div>\n\t\t\t\t<\/div>\n\t\t\t\t\t<\/div>\n\t\t<\/div>\n\t\t\t\t\t<\/div>\n\t\t<\/section>\n\t\t\t\t<section class=\"elementor-section elementor-top-section elementor-element elementor-element-22c7d41 elementor-section-boxed elementor-section-height-default elementor-section-height-default\" data-id=\"22c7d41\" data-element_type=\"section\" data-e-type=\"section\" data-settings=\"{&quot;background_background&quot;:&quot;classic&quot;}\">\n\t\t\t\t\t\t<div class=\"elementor-container elementor-column-gap-default\">\n\t\t\t\t\t<div class=\"elementor-column elementor-col-100 elementor-top-column elementor-element elementor-element-dce1792\" data-id=\"dce1792\" data-element_type=\"column\" data-e-type=\"column\">\n\t\t\t<div class=\"elementor-widget-wrap elementor-element-populated\">\n\t\t\t\t\t\t<div class=\"elementor-element elementor-element-fd2af00 elementor-widget elementor-widget-heading\" data-id=\"fd2af00\" data-element_type=\"widget\" data-e-type=\"widget\" data-widget_type=\"heading.default\">\n\t\t\t\t<div class=\"elementor-widget-container\">\n\t\t\t\t\t<h2 class=\"elementor-heading-title elementor-size-default\">Protection des donn\u00e9es<\/h2>\t\t\t\t<\/div>\n\t\t\t\t<\/div>\n\t\t\t\t\t<\/div>\n\t\t<\/div>\n\t\t\t\t\t<\/div>\n\t\t<\/section>\n\t\t\t\t<section class=\"elementor-section elementor-top-section elementor-element elementor-element-74cf88a elementor-section-boxed elementor-section-height-default elementor-section-height-default\" data-id=\"74cf88a\" data-element_type=\"section\" data-e-type=\"section\">\n\t\t\t\t\t\t<div class=\"elementor-container elementor-column-gap-default\">\n\t\t\t\t\t<div class=\"elementor-column elementor-col-100 elementor-top-column elementor-element elementor-element-c7c7aed\" data-id=\"c7c7aed\" data-element_type=\"column\" data-e-type=\"column\">\n\t\t\t<div class=\"elementor-widget-wrap elementor-element-populated\">\n\t\t\t\t\t\t<div class=\"elementor-element elementor-element-bd9ba01 elementor-widget elementor-widget-text-editor\" data-id=\"bd9ba01\" data-element_type=\"widget\" data-e-type=\"widget\" data-widget_type=\"text-editor.default\">\n\t\t\t\t<div class=\"elementor-widget-container\">\n\t\t\t\t\t\t\t\t\t<p><strong><span style=\"vertical-align: inherit;\">Les bases<\/span><\/strong><\/p><p><span style=\"vertical-align: inherit;\"><span class=\"VIpgJd-yAWNEb-VIpgJd-fmcmS-sn54Q\" style=\"vertical-align: inherit;\">Cette politique de confidentialit\u00e9 vise \u00e0 informer les utilisateurs de ce site Web sur le type, l&#8217;\u00e9tendue et le but de la collecte et de l&#8217;utilisation des donn\u00e9es personnelles par l&#8217;exploitant du site Web. L&#8217;exploitant du site Web prend la protection de vos donn\u00e9es tr\u00e8s au s\u00e9rieux et traite vos donn\u00e9es personnelles de mani\u00e8re confidentielle et conform\u00e9ment aux dispositions l\u00e9gales. \u00c9tant donn\u00e9 que les nouvelles technologies et le d\u00e9veloppement constant de ce site Web peuvent entra\u00eener des modifications de cette politique de confidentialit\u00e9, nous vous recommandons de relire la politique de confidentialit\u00e9 \u00e0 intervalles r\u00e9guliers.<\/span><\/span><\/p><p><strong><span style=\"vertical-align: inherit;\">Protection des donn\u00e9es<\/span><\/strong><\/p><p><strong><span style=\"vertical-align: inherit;\">1. Nom et coordonn\u00e9es du responsable du traitement des donn\u00e9es<\/span><\/strong><\/p><p><span style=\"vertical-align: inherit;\">L&#8217;exploitant de ce site Internet et responsable de la collecte, du traitement et de l&#8217;utilisation de vos donn\u00e9es personnelles au sens du R\u00e8glement G\u00e9n\u00e9ral sur la Protection des Donn\u00e9es (RGPD) de l&#8217;UE est AdhesionXtreme\u00ae SARL, 5 avenue du G\u00e9n\u00e9ral de Gaulle, 60300 Senlis, France<\/span><\/p><p><strong><span style=\"vertical-align: inherit;\">\u00b7 Informations g\u00e9n\u00e9rales<\/span><\/strong><\/p><p><span style=\"vertical-align: inherit;\">Nous utilisons vos donn\u00e9es dans le respect de la r\u00e9glementation applicable en mati\u00e8re de protection des donn\u00e9es. Cette politique de confidentialit\u00e9 vous informe sur les donn\u00e9es personnelles que nous collectons et stockons aupr\u00e8s de vous. Vous recevrez \u00e9galement des informations sur la mani\u00e8re dont vos donn\u00e9es sont utilis\u00e9es et sur les droits dont vous disposez concernant l&#8217;utilisation de vos donn\u00e9es.<\/span><\/p><p><strong><span style=\"vertical-align: inherit;\">\u00b7 Collecte et stockage des donn\u00e9es personnelles ainsi que la nature et la finalit\u00e9 de leur utilisation<\/span><\/strong><\/p><p><span style=\"vertical-align: inherit;\">Vous pouvez nous contacter de diff\u00e9rentes mani\u00e8res via Internet.<\/span><\/p><p><strong><span style=\"vertical-align: inherit;\">1. a) Visiter notre site Web<\/span><\/strong><\/p><p><span style=\"vertical-align: inherit;\">Chaque fois que vous visitez notre site Web, votre navigateur envoie automatiquement des informations au serveur de notre site Web et les stocke temporairement dans un fichier journal.<\/span><\/p><p><span style=\"vertical-align: inherit;\">Les donn\u00e9es suivantes sont collect\u00e9es sans votre intervention et stock\u00e9es jusqu&#8217;\u00e0 leur suppression automatique :<\/span><\/p><p><span style=\"vertical-align: inherit;\">\u2013 l&#8217;adresse IP de l&#8217;ordinateur demandeur<\/span><\/p><p><span style=\"vertical-align: inherit;\">\u2013 la date et l\u2019heure d\u2019acc\u00e8s<\/span><\/p><p><span style=\"vertical-align: inherit;\">\u2013 le nom et l&#8217;URL du fichier r\u00e9cup\u00e9r\u00e9<\/span><\/p><p><span style=\"vertical-align: inherit;\">\u2013 le site Internet \u00e0 partir duquel l\u2019acc\u00e8s est effectu\u00e9<\/span><\/p><p><span style=\"vertical-align: inherit;\">\u2013 le syst\u00e8me d&#8217;exploitation de votre ordinateur et le<\/span><\/p><p><span style=\"vertical-align: inherit;\">Navigateur<\/span><\/p><p><span style=\"vertical-align: inherit;\">\u2013 le nom de votre fournisseur d&#8217;acc\u00e8s Internet.<\/span><\/p><p><span style=\"vertical-align: inherit;\">Nous traitons les donn\u00e9es ci-dessus aux fins suivantes :<\/span><\/p><p><span style=\"vertical-align: inherit;\">\u2013 Assurer une configuration de connexion fluide du<\/span><\/p><p><span style=\"vertical-align: inherit;\">Site web<\/span><\/p><p><span style=\"vertical-align: inherit;\">\u2013 Assurer une utilisation confortable de notre site Web<\/span><\/p><p><span style=\"vertical-align: inherit;\">\u2013 \u00c9valuation de la s\u00e9curit\u00e9 et de la stabilit\u00e9 du syst\u00e8me<\/span><\/p><p><span style=\"vertical-align: inherit;\">\u2013 \u00e0 d&#8217;autres fins administratives.<\/span><\/p><p><span style=\"vertical-align: inherit;\">La base juridique du traitement des donn\u00e9es est <\/span><strong><span style=\"vertical-align: inherit;\">l&#8217;art. 6, paragraphe 1, clause 1, lettre f du RGPD<\/span><\/strong><span style=\"vertical-align: inherit;\"> , selon laquelle le traitement est licite si<\/span><\/p><p><span style=\"vertical-align: inherit;\">\u00ab\u00a0le traitement est n\u00e9cessaire \u00e0 la sauvegarde des int\u00e9r\u00eats l\u00e9gitimes du responsable du traitement ou d&#8217;un tiers, sauf lorsque ces int\u00e9r\u00eats sont pr\u00e9valus par les int\u00e9r\u00eats ou les libert\u00e9s et droits fondamentaux de la personne concern\u00e9e qui n\u00e9cessitent une protection des donn\u00e9es \u00e0 caract\u00e8re personnel, en particulier lorsque la personne concern\u00e9e est un enfant. \u00bb<\/span><\/p><p><span style=\"vertical-align: inherit;\">Notre int\u00e9r\u00eat l\u00e9gitime \u00e0 collecter des donn\u00e9es d\u00e9coule des finalit\u00e9s \u00e9num\u00e9r\u00e9es ci-dessus. En aucun cas nous n\u2019utiliserons les donn\u00e9es collect\u00e9es pour tirer des conclusions vous concernant personnellement.<\/span><\/p><p><span style=\"vertical-align: inherit;\">Nous utilisons \u00e9galement des cookies sur notre site Web (voir la section 5 pour plus de d\u00e9tails).<\/span><\/p><p><strong><span style=\"vertical-align: inherit;\">1. b) Utilisation de notre formulaire de contact<\/span><\/strong><\/p><p><span style=\"vertical-align: inherit;\">Si vous avez des questions, nous vous offrons la possibilit\u00e9 de nous contacter en utilisant un formulaire mis \u00e0 disposition sur ce site.<\/span><\/p><p><span style=\"vertical-align: inherit;\">Vous devez fournir une adresse e-mail valide afin que nous sachions de qui provient la demande et que nous puissions r\u00e9pondre \u00e0 la demande. Vous pouvez fournir volontairement des informations suppl\u00e9mentaires.<\/span><\/p><p><span style=\"vertical-align: inherit;\">Le traitement des donn\u00e9es dans le but de nous contacter repose sur votre consentement volontaire (article 6, paragraphe 1, clause 1, lettre a du RGPD).<\/span><\/p><p><span style=\"vertical-align: inherit;\">Les donn\u00e9es personnelles que nous collectons lorsque vous utilisez le formulaire de contact seront automatiquement supprim\u00e9es une fois votre demande trait\u00e9e.<\/span><\/p><p><strong><span style=\"vertical-align: inherit;\">4. Transfert de donn\u00e9es<\/span><\/strong><\/p><p><span style=\"vertical-align: inherit;\">Vos donn\u00e9es personnelles ne seront transf\u00e9r\u00e9es \u00e0 des tiers que si<\/span><\/p><p><span style=\"vertical-align: inherit;\">\u2013 Vous avez donn\u00e9 votre consentement expr\u00e8s (art. 6, paragraphe 1, clause 1, lettre a du RGPD)<\/span><\/p><p><span style=\"vertical-align: inherit;\">\u2013 le transfert est l\u00e9galement autoris\u00e9 et n\u00e9cessaire au traitement des relations contractuelles avec vous (art. 6, paragraphe 1, lit. b du RGPD)<\/span><\/p><p><span style=\"vertical-align: inherit;\">\u2013 il existe une obligation l\u00e9gale de transmettre les donn\u00e9es (article 6, paragraphe 1, phrase 1, lit. c du RGPD)<\/span><\/p><p><span style=\"vertical-align: inherit;\">\u2013 le transfert est n\u00e9cessaire pour faire valoir, exercer ou d\u00e9fendre des droits l\u00e9gaux et il n&#8217;y a aucune raison de supposer que vous avez un int\u00e9r\u00eat l\u00e9gitime imp\u00e9rieux \u00e0 ne pas divulguer vos donn\u00e9es (article 6, paragraphe 1, phrase 1, lit. f du RGPD).<\/span><\/p><p><strong><span style=\"vertical-align: inherit;\">5. Cookies<\/span><\/strong><\/p><p><span style=\"vertical-align: inherit;\">Nous utilisons des cookies sur notre site Web. Il s&#8217;agit de petits fichiers que votre navigateur cr\u00e9e automatiquement et qui sont stock\u00e9s sur votre appareil (smartphone, tablette, ordinateur portable, etc.) lorsque vous visitez notre site Internet. Les cookies ne causent aucun dommage \u00e0 votre appareil et ne contiennent aucun virus, cheval de Troie ou autre malware.<\/span><\/p><p><span style=\"vertical-align: inherit;\">Le cookie stocke des informations li\u00e9es \u00e0 l&#8217;appareil sp\u00e9cifique utilis\u00e9. Toutefois, cela ne signifie pas que nous ayons connaissance directe de votre identit\u00e9.<\/span><\/p><p><span style=\"vertical-align: inherit;\">L&#8217;objectif principal de l&#8217;utilisation des cookies est de rendre l&#8217;utilisation de nos services plus agr\u00e9able pour vous.<\/span><\/p><p><span style=\"vertical-align: inherit;\">Par exemple, nous utilisons ce que l&#8217;on appelle des \u00ab cookies de session \u00bb pour reconna\u00eetre que vous avez d\u00e9j\u00e0 visit\u00e9 certaines pages de notre site Internet.<\/span><\/p><p><span style=\"vertical-align: inherit;\">Ces cookies sont automatiquement supprim\u00e9s apr\u00e8s que vous quittez notre site.<\/span><\/p><p><span style=\"vertical-align: inherit;\">En outre, nous utilisons \u00e9galement des cookies temporaires pour optimiser la convivialit\u00e9, qui sont stock\u00e9s sur votre appareil pendant une p\u00e9riode de temps d\u00e9termin\u00e9e. Lorsque vous visitez \u00e0 nouveau notre site pour utiliser nos services, il est automatiquement reconnu que vous nous avez d\u00e9j\u00e0 visit\u00e9 ainsi que les entr\u00e9es et param\u00e8tres que vous avez effectu\u00e9s. Vous n\u2019aurez alors plus besoin de les refaire.<\/span><\/p>\t\t\t\t\t\t\t\t<\/div>\n\t\t\t\t<\/div>\n\t\t\t\t\t<\/div>\n\t\t<\/div>\n\t\t\t\t\t<\/div>\n\t\t<\/section>\n\t\t\t\t<\/div>\n\t\t","protected":false},"excerpt":{"rendered":"<p>Imprimer Ces informations sont fournies conform\u00e9ment aux r\u00e9glementations de l\u2019UE\u00a0: Nom de la soci\u00e9t\u00e9 : AdhesionXtreme\u00ae SARL, 5 avenue du G\u00e9n\u00e9ral de Gaulle, 60300 Senlis, France T\u00e9l. +33 344 62 1702 E-mail : info@fr.websitedesignagency.online Registre du Commerce Tribunal de Commerce, 60200 Compi\u00e8gne N\u00b0 d&#8217;immatriculation de la soci\u00e9t\u00e9 498 233 196 N\u00b0 TVA intracommunautaire FR22498233196 Pr\u00e9sidente [&hellip;]<\/p>\n","protected":false},"author":1,"featured_media":0,"parent":0,"menu_order":0,"comment_status":"closed","ping_status":"closed","template":"elementor_header_footer","meta":{"footnotes":""},"class_list":["post-1871","page","type-page","status-publish","hentry"],"yoast_head":"<!-- This site is optimized with the Yoast SEO plugin v26.9 - https:\/\/yoast.com\/product\/yoast-seo-wordpress\/ -->\n<title>Mentions l\u00e9gales\/Conditions g\u00e9n\u00e9rales\/Protection des donn\u00e9es - Rubans de r\u00e9paration de fuites \u00e9tanches les plus vendus - R\u00e9parations rapides de fuites<\/title>\n<meta name=\"robots\" content=\"index, follow, max-snippet:-1, max-image-preview:large, max-video-preview:-1\" \/>\n<link rel=\"canonical\" href=\"https:\/\/adhesionxtreme.com\/fr\/mentions-legales-conditions-generales-protection-des-donnees\/\" \/>\n<meta property=\"og:locale\" content=\"en_US\" \/>\n<meta property=\"og:type\" content=\"article\" \/>\n<meta property=\"og:title\" content=\"Mentions l\u00e9gales\/Conditions g\u00e9n\u00e9rales\/Protection des donn\u00e9es - Rubans de r\u00e9paration de fuites \u00e9tanches les plus vendus - R\u00e9parations rapides de fuites\" \/>\n<meta property=\"og:description\" content=\"Imprimer Ces informations sont fournies conform\u00e9ment aux r\u00e9glementations de l\u2019UE\u00a0: Nom de la soci\u00e9t\u00e9 : AdhesionXtreme\u00ae SARL, 5 avenue du G\u00e9n\u00e9ral de Gaulle, 60300 Senlis, France T\u00e9l. +33 344 62 1702 E-mail : info@fr.websitedesignagency.online Registre du Commerce Tribunal de Commerce, 60200 Compi\u00e8gne N\u00b0 d&#8217;immatriculation de la soci\u00e9t\u00e9 498 233 196 N\u00b0 TVA intracommunautaire FR22498233196 Pr\u00e9sidente [&hellip;]\" \/>\n<meta property=\"og:url\" content=\"https:\/\/adhesionxtreme.com\/fr\/mentions-legales-conditions-generales-protection-des-donnees\/\" \/>\n<meta property=\"og:site_name\" content=\"Rubans de r\u00e9paration de fuites \u00e9tanches les plus vendus - R\u00e9parations rapides de fuites\" \/>\n<meta property=\"article:modified_time\" content=\"2025-12-12T06:41:47+00:00\" \/>\n<meta name=\"twitter:card\" content=\"summary_large_image\" \/>\n<meta name=\"twitter:label1\" content=\"Est. reading time\" \/>\n\t<meta name=\"twitter:data1\" content=\"15 minutes\" \/>\n<script type=\"application\/ld+json\" class=\"yoast-schema-graph\">{\"@context\":\"https:\/\/schema.org\",\"@graph\":[{\"@type\":\"WebPage\",\"@id\":\"https:\/\/adhesionxtreme.com\/fr\/mentions-legales-conditions-generales-protection-des-donnees\/\",\"url\":\"https:\/\/adhesionxtreme.com\/fr\/mentions-legales-conditions-generales-protection-des-donnees\/\",\"name\":\"Mentions l\u00e9gales\/Conditions g\u00e9n\u00e9rales\/Protection des donn\u00e9es - Rubans de r\u00e9paration de fuites \u00e9tanches les plus vendus - R\u00e9parations rapides de fuites\",\"isPartOf\":{\"@id\":\"https:\/\/adhesionxtreme.com\/fr\/#website\"},\"datePublished\":\"2024-07-31T09:23:48+00:00\",\"dateModified\":\"2025-12-12T06:41:47+00:00\",\"breadcrumb\":{\"@id\":\"https:\/\/adhesionxtreme.com\/fr\/mentions-legales-conditions-generales-protection-des-donnees\/#breadcrumb\"},\"inLanguage\":\"en-US\",\"potentialAction\":[{\"@type\":\"ReadAction\",\"target\":[\"https:\/\/adhesionxtreme.com\/fr\/mentions-legales-conditions-generales-protection-des-donnees\/\"]}]},{\"@type\":\"BreadcrumbList\",\"@id\":\"https:\/\/adhesionxtreme.com\/fr\/mentions-legales-conditions-generales-protection-des-donnees\/#breadcrumb\",\"itemListElement\":[{\"@type\":\"ListItem\",\"position\":1,\"name\":\"Home\",\"item\":\"https:\/\/adhesionxtreme.com\/fr\/\"},{\"@type\":\"ListItem\",\"position\":2,\"name\":\"Mentions l\u00e9gales\/Conditions g\u00e9n\u00e9rales\/Protection des donn\u00e9es\"}]},{\"@type\":\"WebSite\",\"@id\":\"https:\/\/adhesionxtreme.com\/fr\/#website\",\"url\":\"https:\/\/adhesionxtreme.com\/fr\/\",\"name\":\"Rubans de r\u00e9paration de fuites \u00e9tanches les plus vendus - R\u00e9parations rapides de fuites\",\"description\":\"\",\"potentialAction\":[{\"@type\":\"SearchAction\",\"target\":{\"@type\":\"EntryPoint\",\"urlTemplate\":\"https:\/\/adhesionxtreme.com\/fr\/?s={search_term_string}\"},\"query-input\":{\"@type\":\"PropertyValueSpecification\",\"valueRequired\":true,\"valueName\":\"search_term_string\"}}],\"inLanguage\":\"en-US\"}]}<\/script>\n<!-- \/ Yoast SEO plugin. -->","yoast_head_json":{"title":"Mentions l\u00e9gales\/Conditions g\u00e9n\u00e9rales\/Protection des donn\u00e9es - Rubans de r\u00e9paration de fuites \u00e9tanches les plus vendus - R\u00e9parations rapides de fuites","robots":{"index":"index","follow":"follow","max-snippet":"max-snippet:-1","max-image-preview":"max-image-preview:large","max-video-preview":"max-video-preview:-1"},"canonical":"https:\/\/adhesionxtreme.com\/fr\/mentions-legales-conditions-generales-protection-des-donnees\/","og_locale":"en_US","og_type":"article","og_title":"Mentions l\u00e9gales\/Conditions g\u00e9n\u00e9rales\/Protection des donn\u00e9es - Rubans de r\u00e9paration de fuites \u00e9tanches les plus vendus - R\u00e9parations rapides de fuites","og_description":"Imprimer Ces informations sont fournies conform\u00e9ment aux r\u00e9glementations de l\u2019UE\u00a0: Nom de la soci\u00e9t\u00e9 : AdhesionXtreme\u00ae SARL, 5 avenue du G\u00e9n\u00e9ral de Gaulle, 60300 Senlis, France T\u00e9l. +33 344 62 1702 E-mail : info@fr.websitedesignagency.online Registre du Commerce Tribunal de Commerce, 60200 Compi\u00e8gne N\u00b0 d&#8217;immatriculation de la soci\u00e9t\u00e9 498 233 196 N\u00b0 TVA intracommunautaire FR22498233196 Pr\u00e9sidente [&hellip;]","og_url":"https:\/\/adhesionxtreme.com\/fr\/mentions-legales-conditions-generales-protection-des-donnees\/","og_site_name":"Rubans de r\u00e9paration de fuites \u00e9tanches les plus vendus - R\u00e9parations rapides de fuites","article_modified_time":"2025-12-12T06:41:47+00:00","twitter_card":"summary_large_image","twitter_misc":{"Est. reading time":"15 minutes"},"schema":{"@context":"https:\/\/schema.org","@graph":[{"@type":"WebPage","@id":"https:\/\/adhesionxtreme.com\/fr\/mentions-legales-conditions-generales-protection-des-donnees\/","url":"https:\/\/adhesionxtreme.com\/fr\/mentions-legales-conditions-generales-protection-des-donnees\/","name":"Mentions l\u00e9gales\/Conditions g\u00e9n\u00e9rales\/Protection des donn\u00e9es - Rubans de r\u00e9paration de fuites \u00e9tanches les plus vendus - R\u00e9parations rapides de fuites","isPartOf":{"@id":"https:\/\/adhesionxtreme.com\/fr\/#website"},"datePublished":"2024-07-31T09:23:48+00:00","dateModified":"2025-12-12T06:41:47+00:00","breadcrumb":{"@id":"https:\/\/adhesionxtreme.com\/fr\/mentions-legales-conditions-generales-protection-des-donnees\/#breadcrumb"},"inLanguage":"en-US","potentialAction":[{"@type":"ReadAction","target":["https:\/\/adhesionxtreme.com\/fr\/mentions-legales-conditions-generales-protection-des-donnees\/"]}]},{"@type":"BreadcrumbList","@id":"https:\/\/adhesionxtreme.com\/fr\/mentions-legales-conditions-generales-protection-des-donnees\/#breadcrumb","itemListElement":[{"@type":"ListItem","position":1,"name":"Home","item":"https:\/\/adhesionxtreme.com\/fr\/"},{"@type":"ListItem","position":2,"name":"Mentions l\u00e9gales\/Conditions g\u00e9n\u00e9rales\/Protection des donn\u00e9es"}]},{"@type":"WebSite","@id":"https:\/\/adhesionxtreme.com\/fr\/#website","url":"https:\/\/adhesionxtreme.com\/fr\/","name":"Rubans de r\u00e9paration de fuites \u00e9tanches les plus vendus - R\u00e9parations rapides de fuites","description":"","potentialAction":[{"@type":"SearchAction","target":{"@type":"EntryPoint","urlTemplate":"https:\/\/adhesionxtreme.com\/fr\/?s={search_term_string}"},"query-input":{"@type":"PropertyValueSpecification","valueRequired":true,"valueName":"search_term_string"}}],"inLanguage":"en-US"}]}},"_links":{"self":[{"href":"https:\/\/adhesionxtreme.com\/fr\/wp-json\/wp\/v2\/pages\/1871","targetHints":{"allow":["GET"]}}],"collection":[{"href":"https:\/\/adhesionxtreme.com\/fr\/wp-json\/wp\/v2\/pages"}],"about":[{"href":"https:\/\/adhesionxtreme.com\/fr\/wp-json\/wp\/v2\/types\/page"}],"author":[{"embeddable":true,"href":"https:\/\/adhesionxtreme.com\/fr\/wp-json\/wp\/v2\/users\/1"}],"replies":[{"embeddable":true,"href":"https:\/\/adhesionxtreme.com\/fr\/wp-json\/wp\/v2\/comments?post=1871"}],"version-history":[{"count":0,"href":"https:\/\/adhesionxtreme.com\/fr\/wp-json\/wp\/v2\/pages\/1871\/revisions"}],"wp:attachment":[{"href":"https:\/\/adhesionxtreme.com\/fr\/wp-json\/wp\/v2\/media?parent=1871"}],"curies":[{"name":"wp","href":"https:\/\/api.w.org\/{rel}","templated":true}]}}